{"id":38,"date":"2019-04-30T10:47:58","date_gmt":"2019-04-30T10:47:58","guid":{"rendered":"http:\/\/www.visitdobrinj.hr\/?page_id=38"},"modified":"2020-03-06T11:59:31","modified_gmt":"2020-03-06T09:59:31","slug":"klima-i-priroda","status":"publish","type":"page","link":"http:\/\/www.visitdobrinj.hr\/de\/uber-die-destination\/klima-und-natur\/","title":{"rendered":"Klima und Natur"},"content":{"rendered":"<p><strong>Die Gespanschaft Primorje &#8211; Gorski kotar ist ganz als die \u201eblau-gr\u00fcne\u201c Gespanschaft bekannt. Dobrinj\u0161tina ist ebenfalls mit diesen Farben gef\u00e4rbt. Die Farben sind gleichm\u00e4\u00dfig verteilt, wodurch ein Bild dieser Gegend in gleichen, blauen und gr\u00fcnen \u201eAnteilen\u201c entsteht.<\/strong><\/p>\n<p>Entlang der Buchten und kleinen Buchten mit (von neugierigen Blicken) gesch\u00fctzten Str\u00e4nden, mit geeigneten meteorologischen und klimatischen Bedingungen, ist dieses Farbspiel, das die nat\u00fcrlichen Werte der Region Dobrinj kennzeichnet, eines der touristischen Vorz\u00fcge. Auf der einen Seite befindet sich ein Kiefernwald, der einen \u00e4sthetischen und praktischen Zweck hat, und auf der anderen Seite Laubb\u00e4ume.<\/p>\n","protected":false},"excerpt":{"rendered":"<p>Die Gespanschaft Primorje &#8211; Gorski kotar ist ganz als die \u201eblau-gr\u00fcne\u201c Gespanschaft bekannt. Dobrinj\u0161tina ist ebenfalls mit diesen Farben gef\u00e4rbt. Die Farben sind gleichm\u00e4\u00dfig verteilt, wodurch ein Bild dieser Gegend in gleichen, blauen und gr\u00fcnen \u201eAnteilen\u201c entsteht. Entlang der Buchten und kleinen Buchten mit (von neugierigen Blicken) gesch\u00fctzten Str\u00e4nden, mit geeigneten meteorologischen und klimatischen Bedingungen, [&hellip;]<\/p>\n","protected":false},"author":1,"featured_media":0,"parent":30,"menu_order":4,"comment_status":"closed","ping_status":"closed","template":"","meta":[],"_links":{"self":[{"href":"http:\/\/www.visitdobrinj.hr\/de\/wp-json\/wp\/v2\/pages\/38"}],"collection":[{"href":"http:\/\/www.visitdobrinj.hr\/de\/wp-json\/wp\/v2\/pages"}],"about":[{"href":"http:\/\/www.visitdobrinj.hr\/de\/wp-json\/wp\/v2\/types\/page"}],"author":[{"embeddable":true,"href":"http:\/\/www.visitdobrinj.hr\/de\/wp-json\/wp\/v2\/users\/1"}],"replies":[{"embeddable":true,"href":"http:\/\/www.visitdobrinj.hr\/de\/wp-json\/wp\/v2\/comments?post=38"}],"version-history":[{"count":30,"href":"http:\/\/www.visitdobrinj.hr\/de\/wp-json\/wp\/v2\/pages\/38\/revisions"}],"predecessor-version":[{"id":3177,"href":"http:\/\/www.visitdobrinj.hr\/de\/wp-json\/wp\/v2\/pages\/38\/revisions\/3177"}],"up":[{"embeddable":true,"href":"http:\/\/www.visitdobrinj.hr\/de\/wp-json\/wp\/v2\/pages\/30"}],"wp:attachment":[{"href":"http:\/\/www.visitdobrinj.hr\/de\/wp-json\/wp\/v2\/media?parent=38"}],"curies":[{"name":"wp","href":"https:\/\/api.w.org\/{rel}","templated":true}]}}